{"id":5121,"date":"2023-01-11T17:27:28","date_gmt":"2023-01-11T16:27:28","guid":{"rendered":"https:\/\/eccl.wearequattro.com\/plan-du-site\/"},"modified":"2023-10-24T15:06:26","modified_gmt":"2023-10-24T14:06:26","slug":"site-map","status":"publish","type":"page","link":"https:\/\/eccl.lu\/en\/site-map\/","title":{"rendered":"Site map"},"content":{"rendered":"\t\t<div data-elementor-type=\"wp-page\" data-elementor-id=\"5121\" class=\"elementor elementor-5121 elementor-4317\" data-elementor-post-type=\"page\">\n\t\t\t\t<div class=\"elementor-element elementor-element-8141669 animated-fast e-flex e-con-boxed elementor-invisible e-con e-parent\" data-id=\"8141669\" data-element_type=\"container\" data-e-type=\"container\" data-settings=\"{&quot;animation&quot;:&quot;slideInUp&quot;}\">\n\t\t\t\t\t<div class=\"e-con-inner\">\n\t\t\t\t<div class=\"elementor-element elementor-element-2d0dc5d elementor-widget elementor-widget-breadcrumbs\" data-id=\"2d0dc5d\" data-element_type=\"widget\" data-e-type=\"widget\" data-widget_type=\"breadcrumbs.default\">\n\t\t\t\t<div class=\"elementor-widget-container\">\n\t\t\t\t\t<nav id=\"breadcrumbs\"><ol><li><a href=\"https:\/\/eccl.lu\/en\/\">Homepage<\/a><\/li><\/ol><\/nav>\t\t\t\t<\/div>\n\t\t\t\t<\/div>\n\t\t\t\t\t<\/div>\n\t\t\t\t<\/div>\n\t\t<div class=\"elementor-element elementor-element-14ecc52 header-container e-flex e-con-boxed e-con e-parent\" data-id=\"14ecc52\" data-element_type=\"container\" data-e-type=\"container\">\n\t\t\t\t\t<div class=\"e-con-inner\">\n\t\t<div class=\"elementor-element elementor-element-eaff4a4 e-con-full e-flex e-con e-child\" data-id=\"eaff4a4\" data-element_type=\"container\" data-e-type=\"container\">\n\t\t<div class=\"elementor-element elementor-element-e369483 e-con-full e-flex e-con e-child\" data-id=\"e369483\" data-element_type=\"container\" data-e-type=\"container\">\n\t\t<div class=\"elementor-element elementor-element-76adbaf animated-fast e-con-full e-flex elementor-invisible e-con e-child\" data-id=\"76adbaf\" data-element_type=\"container\" data-e-type=\"container\" data-settings=\"{&quot;animation&quot;:&quot;slideInUp&quot;}\">\n\t\t\t\t<div class=\"elementor-element elementor-element-150eef7 elementor-widget elementor-widget-QT_Composed_Heading_Widget\" data-id=\"150eef7\" data-element_type=\"widget\" data-e-type=\"widget\" data-widget_type=\"QT_Composed_Heading_Widget.default\">\n\t\t\t\t<div class=\"elementor-widget-container\">\n\t\t\t\t\t<h1 class=\"qt-composed-heading-title\">\n            <span class=\"heading-first-title\">Site<\/span>\n            <span class=\"heading-second-title\">map<\/span><\/h1>\t\t\t\t<\/div>\n\t\t\t\t<\/div>\n\t\t\t\t<\/div>\n\t\t\t\t<\/div>\n\t\t<div class=\"elementor-element elementor-element-19990dd e-con-full animated-fast header-image e-flex elementor-invisible e-con e-child\" data-id=\"19990dd\" data-element_type=\"container\" data-e-type=\"container\" data-settings=\"{&quot;animation&quot;:&quot;slideInUp&quot;}\">\n\t\t\t\t<div class=\"elementor-element elementor-element-5196bb8 elementor-widget elementor-widget-image\" data-id=\"5196bb8\" data-element_type=\"widget\" data-e-type=\"widget\" data-widget_type=\"image.default\">\n\t\t\t\t<div class=\"elementor-widget-container\">\n\t\t\t\t\t\t\t\t\t\t\t\t\t\t\t<img fetchpriority=\"high\" decoding=\"async\" width=\"1082\" height=\"609\" src=\"https:\/\/eccl.lu\/wp-content\/uploads\/2022\/12\/european-convention-center-luxembourg-web-color-12_modify.jpg\" class=\"attachment-full size-full wp-image-4281\" alt=\"\" srcset=\"https:\/\/eccl.lu\/wp-content\/uploads\/2022\/12\/european-convention-center-luxembourg-web-color-12_modify.jpg 1082w, https:\/\/eccl.lu\/wp-content\/uploads\/2022\/12\/european-convention-center-luxembourg-web-color-12_modify-300x169.jpg 300w, https:\/\/eccl.lu\/wp-content\/uploads\/2022\/12\/european-convention-center-luxembourg-web-color-12_modify-1024x576.jpg 1024w, https:\/\/eccl.lu\/wp-content\/uploads\/2022\/12\/european-convention-center-luxembourg-web-color-12_modify-768x432.jpg 768w\" sizes=\"(max-width: 1082px) 100vw, 1082px\" \/>\t\t\t\t\t\t\t\t\t\t\t\t\t\t\t<\/div>\n\t\t\t\t<\/div>\n\t\t\t\t<\/div>\n\t\t\t\t<\/div>\n\t\t\t\t\t<\/div>\n\t\t\t\t<\/div>\n\t\t<div class=\"elementor-element elementor-element-5f0a755 e-flex e-con-boxed e-con e-parent\" data-id=\"5f0a755\" data-element_type=\"container\" data-e-type=\"container\">\n\t\t\t\t\t<div class=\"e-con-inner\">\n\t\t<div class=\"elementor-element elementor-element-518e5ae e-con-full animated-fast e-flex elementor-invisible e-con e-child\" data-id=\"518e5ae\" data-element_type=\"container\" data-e-type=\"container\" data-settings=\"{&quot;animation&quot;:&quot;slideInUp&quot;}\">\n\t\t\t\t<div class=\"elementor-element elementor-element-5dd81df elementor-widget elementor-widget-shortcode\" data-id=\"5dd81df\" data-element_type=\"widget\" data-e-type=\"widget\" data-widget_type=\"shortcode.default\">\n\t\t\t\t<div class=\"elementor-widget-container\">\n\t\t\t\t\t\t\t<div class=\"elementor-shortcode\"><div class=\"wsp-container\"><h2 class=\"wsp-pages-title\">Pages<\/h2>\n<ul class=\"wsp-pages-list\">\n<li class=\"page_item page-item-5096\"><a href=\"https:\/\/eccl.lu\/en\/about-us\/\">About us<\/a><\/li>\n<li class=\"page_item page-item-5122\"><a href=\"https:\/\/eccl.lu\/en\/access\/\">Access<\/a><\/li>\n<li class=\"page_item page-item-5119\"><a href=\"https:\/\/eccl.lu\/en\/contact-us\/\">Contact us<\/a><\/li>\n<li class=\"page_item page-item-5108\"><a href=\"https:\/\/eccl.lu\/en\/convention-park\/\">Convention Park<\/a><\/li>\n<li class=\"page_item page-item-5111\"><a href=\"https:\/\/eccl.lu\/en\/destination-luxembourg\/\">Destination Luxembourg<\/a><\/li>\n<li class=\"page_item page-item-5118\"><a href=\"https:\/\/eccl.lu\/en\/document\/\">Documents<\/a><\/li>\n<li class=\"page_item page-item-5099\"><a href=\"https:\/\/eccl.lu\/en\/\">Home<\/a><\/li>\n<li class=\"page_item page-item-5120\"><a href=\"https:\/\/eccl.lu\/en\/news\/\">News<\/a><\/li>\n<li class=\"page_item page-item-5113\"><a href=\"https:\/\/eccl.lu\/en\/our-green-initiatives\/\">Our &#8220;Green&#8221; initiatives<\/a><\/li>\n<li class=\"page_item page-item-5105\"><a href=\"https:\/\/eccl.lu\/en\/our-assets\/\">Our assets<\/a><\/li>\n<li class=\"page_item page-item-5102\"><a href=\"https:\/\/eccl.lu\/en\/our-package\/\">Our package<\/a><\/li>\n<li class=\"page_item page-item-5127\"><a href=\"https:\/\/eccl.lu\/en\/our-spaces\/\">Our spaces<\/a><\/li>\n<li class=\"page_item page-item-5126\"><a href=\"https:\/\/eccl.lu\/en\/plan\/\">Plan<\/a><\/li>\n<li class=\"page_item page-item-5125\"><a href=\"https:\/\/eccl.lu\/en\/privacy-policy\/\">Privacy policy<\/a><\/li>\n<li class=\"page_item page-item-5121\"><a href=\"https:\/\/eccl.lu\/en\/site-map\/\">Site map<\/a><\/li>\n<li class=\"page_item page-item-5124\"><a href=\"https:\/\/eccl.lu\/en\/terms-conditions\/\">Terms and conditions<\/a><\/li>\n<li class=\"page_item page-item-5115\"><a href=\"https:\/\/eccl.lu\/en\/testimonials\/\">Testimonials<\/a><\/li>\n<li class=\"page_item page-item-5116\"><a href=\"https:\/\/eccl.lu\/en\/virtual-tour\/\">Virtual Tour<\/a><\/li>\n<\/ul>\n<h2 class=\"wsp-posts-title\">Posts by category<\/h2>\n<ul class=\"wsp-posts-list\">\n\t<li><strong class=\"wsp-category-title\">Category: <a href=\"https:\/\/eccl.lu\/en\/category\/non-classifiee\/\">Non classifi\u00e9(e)<\/a><\/strong>\n<ul class=\"wsp-posts-list\">\t\t<li class=\"wsp-post\"><a href=\"https:\/\/eccl.lu\/letzcelebrate\/\">#Letzcelebrate<\/a><\/li>\n\t\t<li class=\"wsp-post\"><a href=\"https:\/\/eccl.lu\/en\/letzcelebrate\/\">#Letzcelebrate<\/a><\/li>\n\t\t<li class=\"wsp-post\"><a href=\"https:\/\/eccl.lu\/un-pass-privileges-de-multiples-avantages\/\">Un Pass Privil\u00e8ges, de multiples avantages<\/a><\/li>\n\t\t<li class=\"wsp-post\"><a href=\"https:\/\/eccl.lu\/en\/vip-pass-multiple-benefits\/\">VIP Pass, multiple benefits<\/a><\/li>\n<\/ul><\/li>\n<\/ul>\n<h2 class=\"wsp-rooms-title\">Rooms<\/h2>\n<ul class=\"wsp-rooms-list\">\n<li><a href=\"https:\/\/eccl.lu\/en\/room\/foyer-hemicycle\/\">Foyer Hemicycle<\/a><\/li>\n<li><a href=\"https:\/\/eccl.lu\/en\/room\/panoramic-room\/\">Panoramic Room<\/a><\/li>\n<li><a href=\"https:\/\/eccl.lu\/en\/room\/hemicycle\/\">Hemicycle<\/a><\/li>\n<li><a href=\"https:\/\/eccl.lu\/en\/room\/delegates-room\/\">Delegates Room<\/a><\/li>\n<li><a href=\"https:\/\/eccl.lu\/en\/room\/red-bar\/\">Red Bar<\/a><\/li>\n<li><a href=\"https:\/\/eccl.lu\/en\/room\/ministers-room\/\">Ministers Room(s)<\/a><\/li>\n<li><a href=\"https:\/\/eccl.lu\/en\/room\/banquet-room\/\">Banquet room<\/a><\/li>\n<li><a href=\"https:\/\/eccl.lu\/en\/room\/workshop-1\/\">Workshop +1<\/a><\/li>\n<li><a href=\"https:\/\/eccl.lu\/en\/room\/crocodile-bar\/\">Crocodile Bar<\/a><\/li>\n<li><a href=\"https:\/\/eccl.lu\/en\/room\/bar-d\/\">Bar D<\/a><\/li>\n<li><a href=\"https:\/\/eccl.lu\/en\/room\/room-d\/\">Room D<\/a><\/li>\n<li><a href=\"https:\/\/eccl.lu\/en\/room\/room-e\/\">Room E<\/a><\/li>\n<li><a href=\"https:\/\/eccl.lu\/en\/room\/digital-studio\/\">Digital Studio<\/a><\/li>\n<li><a href=\"https:\/\/eccl.lu\/en\/room\/briefing-room\/\">Briefing room(s)<\/a><\/li>\n<li><a href=\"https:\/\/eccl.lu\/en\/room\/foyer-c\/\">Foyer C &amp; 2<\/a><\/li>\n<li><a href=\"https:\/\/eccl.lu\/en\/room\/plenary-2\/\">Plenary 2<\/a><\/li>\n<li><a href=\"https:\/\/eccl.lu\/en\/room\/room-c\/\">Room C<\/a><\/li>\n<li><a href=\"https:\/\/eccl.lu\/en\/room\/room-b\/\">Room B<\/a><\/li>\n<li><a href=\"https:\/\/eccl.lu\/en\/room\/room-a\/\">Room A<\/a><\/li>\n<li><a href=\"https:\/\/eccl.lu\/en\/room\/workshop-0\/\">Workshop 0<\/a><\/li>\n<li><a href=\"https:\/\/eccl.lu\/en\/room\/outside-terrace\/\">Outside Terrace<\/a><\/li>\n<li><a href=\"https:\/\/eccl.lu\/en\/room\/foyer-terrace\/\">Foyer Terrace<\/a><\/li>\n<li><a href=\"https:\/\/eccl.lu\/en\/room\/foyer-1\/\">Foyer 1<\/a><\/li>\n<li><a href=\"https:\/\/eccl.lu\/en\/room\/plenary-1\/\">Plenary 1<\/a><\/li>\n<\/ul>\n<\/div><\/div>\n\t\t\t\t\t\t<\/div>\n\t\t\t\t<\/div>\n\t\t\t\t<\/div>\n\t\t\t\t\t<\/div>\n\t\t\t\t<\/div>\n\t\t\t\t<\/div>\n\t\t","protected":false},"excerpt":{"rendered":"<p>Site map<\/p>\n","protected":false},"author":1,"featured_media":0,"parent":0,"menu_order":0,"comment_status":"closed","ping_status":"closed","template":"","meta":{"_acf_changed":false,"inline_featured_image":false,"footnotes":""},"class_list":["post-5121","page","type-page","status-publish","hentry"],"acf":[],"yoast_head":"<!-- This site is optimized with the Yoast SEO plugin v27.4 - https:\/\/yoast.com\/product\/yoast-seo-wordpress\/ -->\n<title>Site map - European Convention Center Luxembourg<\/title>\n<meta name=\"robots\" content=\"index, follow, max-snippet:-1, max-image-preview:large, max-video-preview:-1\" \/>\n<link rel=\"canonical\" href=\"https:\/\/eccl.lu\/en\/site-map\/\" \/>\n<meta property=\"og:locale\" content=\"en_US\" \/>\n<meta property=\"og:type\" content=\"article\" \/>\n<meta property=\"og:title\" content=\"Site map - European Convention Center Luxembourg\" \/>\n<meta property=\"og:description\" content=\"Site map\" \/>\n<meta property=\"og:url\" content=\"https:\/\/eccl.lu\/en\/site-map\/\" \/>\n<meta property=\"og:site_name\" content=\"European Convention Center Luxembourg\" \/>\n<meta property=\"article:modified_time\" content=\"2023-10-24T14:06:26+00:00\" \/>\n<meta property=\"og:image\" content=\"https:\/\/eccl.lu\/wp-content\/uploads\/2022\/12\/european-convention-center-luxembourg-web-color-12_modify.jpg\" \/>\n<meta name=\"twitter:card\" content=\"summary_large_image\" \/>\n<meta name=\"twitter:label1\" content=\"Est. reading time\" \/>\n\t<meta name=\"twitter:data1\" content=\"1 minute\" \/>\n<script type=\"application\/ld+json\" class=\"yoast-schema-graph\">{\"@context\":\"https:\\\/\\\/schema.org\",\"@graph\":[{\"@type\":\"WebPage\",\"@id\":\"https:\\\/\\\/eccl.lu\\\/en\\\/site-map\\\/\",\"url\":\"https:\\\/\\\/eccl.lu\\\/en\\\/site-map\\\/\",\"name\":\"Site map - European Convention Center Luxembourg\",\"isPartOf\":{\"@id\":\"https:\\\/\\\/eccl.lu\\\/en\\\/#website\"},\"primaryImageOfPage\":{\"@id\":\"https:\\\/\\\/eccl.lu\\\/en\\\/site-map\\\/#primaryimage\"},\"image\":{\"@id\":\"https:\\\/\\\/eccl.lu\\\/en\\\/site-map\\\/#primaryimage\"},\"thumbnailUrl\":\"https:\\\/\\\/eccl.lu\\\/wp-content\\\/uploads\\\/2022\\\/12\\\/european-convention-center-luxembourg-web-color-12_modify.jpg\",\"datePublished\":\"2023-01-11T16:27:28+00:00\",\"dateModified\":\"2023-10-24T14:06:26+00:00\",\"breadcrumb\":{\"@id\":\"https:\\\/\\\/eccl.lu\\\/en\\\/site-map\\\/#breadcrumb\"},\"inLanguage\":\"en-US\",\"potentialAction\":[{\"@type\":\"ReadAction\",\"target\":[\"https:\\\/\\\/eccl.lu\\\/en\\\/site-map\\\/\"]}]},{\"@type\":\"ImageObject\",\"inLanguage\":\"en-US\",\"@id\":\"https:\\\/\\\/eccl.lu\\\/en\\\/site-map\\\/#primaryimage\",\"url\":\"https:\\\/\\\/eccl.lu\\\/wp-content\\\/uploads\\\/2022\\\/12\\\/european-convention-center-luxembourg-web-color-12_modify.jpg\",\"contentUrl\":\"https:\\\/\\\/eccl.lu\\\/wp-content\\\/uploads\\\/2022\\\/12\\\/european-convention-center-luxembourg-web-color-12_modify.jpg\"},{\"@type\":\"BreadcrumbList\",\"@id\":\"https:\\\/\\\/eccl.lu\\\/en\\\/site-map\\\/#breadcrumb\",\"itemListElement\":[{\"@type\":\"ListItem\",\"position\":1,\"name\":\"Homepage\",\"item\":\"https:\\\/\\\/eccl.lu\\\/en\\\/\"},{\"@type\":\"ListItem\",\"position\":2,\"name\":\"Site map\"}]},{\"@type\":\"WebSite\",\"@id\":\"https:\\\/\\\/eccl.lu\\\/en\\\/#website\",\"url\":\"https:\\\/\\\/eccl.lu\\\/en\\\/\",\"name\":\"European Convention Center Luxembourg\",\"description\":\"Pour des \u00e9v\u00e9nements grav\u00e9s dans l\u2019histoire, faites appel \u00e0 l\u2019ECCL; Consultez nos offres et d\u00e9couvrez l&#039;unique palais des congr\u00e8s du Luxembourg\",\"publisher\":{\"@id\":\"https:\\\/\\\/eccl.lu\\\/en\\\/#organization\"},\"potentialAction\":[{\"@type\":\"SearchAction\",\"target\":{\"@type\":\"EntryPoint\",\"urlTemplate\":\"https:\\\/\\\/eccl.lu\\\/en\\\/?s={search_term_string}\"},\"query-input\":{\"@type\":\"PropertyValueSpecification\",\"valueRequired\":true,\"valueName\":\"search_term_string\"}}],\"inLanguage\":\"en-US\"},{\"@type\":\"Organization\",\"@id\":\"https:\\\/\\\/eccl.lu\\\/en\\\/#organization\",\"name\":\"European Convention Center Luxembourg\",\"url\":\"https:\\\/\\\/eccl.lu\\\/en\\\/\",\"logo\":{\"@type\":\"ImageObject\",\"inLanguage\":\"en-US\",\"@id\":\"https:\\\/\\\/eccl.lu\\\/en\\\/#\\\/schema\\\/logo\\\/image\\\/\",\"url\":\"https:\\\/\\\/eccl.lu\\\/wp-content\\\/uploads\\\/2022\\\/11\\\/eccl-logo.svg\",\"contentUrl\":\"https:\\\/\\\/eccl.lu\\\/wp-content\\\/uploads\\\/2022\\\/11\\\/eccl-logo.svg\",\"width\":290,\"height\":102,\"caption\":\"European Convention Center Luxembourg\"},\"image\":{\"@id\":\"https:\\\/\\\/eccl.lu\\\/en\\\/#\\\/schema\\\/logo\\\/image\\\/\"}}]}<\/script>\n<!-- \/ Yoast SEO plugin. -->","yoast_head_json":{"title":"Site map - European Convention Center Luxembourg","robots":{"index":"index","follow":"follow","max-snippet":"max-snippet:-1","max-image-preview":"max-image-preview:large","max-video-preview":"max-video-preview:-1"},"canonical":"https:\/\/eccl.lu\/en\/site-map\/","og_locale":"en_US","og_type":"article","og_title":"Site map - European Convention Center Luxembourg","og_description":"Site map","og_url":"https:\/\/eccl.lu\/en\/site-map\/","og_site_name":"European Convention Center Luxembourg","article_modified_time":"2023-10-24T14:06:26+00:00","og_image":[{"url":"https:\/\/eccl.lu\/wp-content\/uploads\/2022\/12\/european-convention-center-luxembourg-web-color-12_modify.jpg","type":"","width":"","height":""}],"twitter_card":"summary_large_image","twitter_misc":{"Est. reading time":"1 minute"},"schema":{"@context":"https:\/\/schema.org","@graph":[{"@type":"WebPage","@id":"https:\/\/eccl.lu\/en\/site-map\/","url":"https:\/\/eccl.lu\/en\/site-map\/","name":"Site map - European Convention Center Luxembourg","isPartOf":{"@id":"https:\/\/eccl.lu\/en\/#website"},"primaryImageOfPage":{"@id":"https:\/\/eccl.lu\/en\/site-map\/#primaryimage"},"image":{"@id":"https:\/\/eccl.lu\/en\/site-map\/#primaryimage"},"thumbnailUrl":"https:\/\/eccl.lu\/wp-content\/uploads\/2022\/12\/european-convention-center-luxembourg-web-color-12_modify.jpg","datePublished":"2023-01-11T16:27:28+00:00","dateModified":"2023-10-24T14:06:26+00:00","breadcrumb":{"@id":"https:\/\/eccl.lu\/en\/site-map\/#breadcrumb"},"inLanguage":"en-US","potentialAction":[{"@type":"ReadAction","target":["https:\/\/eccl.lu\/en\/site-map\/"]}]},{"@type":"ImageObject","inLanguage":"en-US","@id":"https:\/\/eccl.lu\/en\/site-map\/#primaryimage","url":"https:\/\/eccl.lu\/wp-content\/uploads\/2022\/12\/european-convention-center-luxembourg-web-color-12_modify.jpg","contentUrl":"https:\/\/eccl.lu\/wp-content\/uploads\/2022\/12\/european-convention-center-luxembourg-web-color-12_modify.jpg"},{"@type":"BreadcrumbList","@id":"https:\/\/eccl.lu\/en\/site-map\/#breadcrumb","itemListElement":[{"@type":"ListItem","position":1,"name":"Homepage","item":"https:\/\/eccl.lu\/en\/"},{"@type":"ListItem","position":2,"name":"Site map"}]},{"@type":"WebSite","@id":"https:\/\/eccl.lu\/en\/#website","url":"https:\/\/eccl.lu\/en\/","name":"European Convention Center Luxembourg","description":"Pour des \u00e9v\u00e9nements grav\u00e9s dans l\u2019histoire, faites appel \u00e0 l\u2019ECCL; Consultez nos offres et d\u00e9couvrez l&#039;unique palais des congr\u00e8s du Luxembourg","publisher":{"@id":"https:\/\/eccl.lu\/en\/#organization"},"potentialAction":[{"@type":"SearchAction","target":{"@type":"EntryPoint","urlTemplate":"https:\/\/eccl.lu\/en\/?s={search_term_string}"},"query-input":{"@type":"PropertyValueSpecification","valueRequired":true,"valueName":"search_term_string"}}],"inLanguage":"en-US"},{"@type":"Organization","@id":"https:\/\/eccl.lu\/en\/#organization","name":"European Convention Center Luxembourg","url":"https:\/\/eccl.lu\/en\/","logo":{"@type":"ImageObject","inLanguage":"en-US","@id":"https:\/\/eccl.lu\/en\/#\/schema\/logo\/image\/","url":"https:\/\/eccl.lu\/wp-content\/uploads\/2022\/11\/eccl-logo.svg","contentUrl":"https:\/\/eccl.lu\/wp-content\/uploads\/2022\/11\/eccl-logo.svg","width":290,"height":102,"caption":"European Convention Center Luxembourg"},"image":{"@id":"https:\/\/eccl.lu\/en\/#\/schema\/logo\/image\/"}}]}},"_links":{"self":[{"href":"https:\/\/eccl.lu\/en\/wp-json\/wp\/v2\/pages\/5121","targetHints":{"allow":["GET"]}}],"collection":[{"href":"https:\/\/eccl.lu\/en\/wp-json\/wp\/v2\/pages"}],"about":[{"href":"https:\/\/eccl.lu\/en\/wp-json\/wp\/v2\/types\/page"}],"author":[{"embeddable":true,"href":"https:\/\/eccl.lu\/en\/wp-json\/wp\/v2\/users\/1"}],"replies":[{"embeddable":true,"href":"https:\/\/eccl.lu\/en\/wp-json\/wp\/v2\/comments?post=5121"}],"version-history":[{"count":0,"href":"https:\/\/eccl.lu\/en\/wp-json\/wp\/v2\/pages\/5121\/revisions"}],"wp:attachment":[{"href":"https:\/\/eccl.lu\/en\/wp-json\/wp\/v2\/media?parent=5121"}],"curies":[{"name":"wp","href":"https:\/\/api.w.org\/{rel}","templated":true}]}}